{"id":42930,"date":"2021-03-20T11:11:34","date_gmt":"2021-03-20T10:11:34","guid":{"rendered":"https:\/\/4000mil.se\/wp-content\/uploads\/2021\/03\/28-11-dimma-njupeskar-tomas-franklin-tf-d-681.jpg"},"modified":"2021-03-20T11:12:16","modified_gmt":"2021-03-20T10:12:16","slug":"njupeskar-fulufjallet-nationalpark-dalarna-september-2007","status":"inherit","type":"attachment","link":"https:\/\/4000mil.se\/index.php\/hur-ser-varen-och-sommaren-ut-for-oss-har-vi-nagra-planer\/njupeskar-fulufjallet-nationalpark-dalarna-september-2007\/","title":{"rendered":"Njupesk\u00e4r, Fulufj\u00e4llet nationalpark, Dalarna september 2007"},"author":3,"featured_media":0,"comment_status":"open","ping_status":"closed","template":"","meta":{"_monsterinsights_skip_tracking":false,"_monsterinsights_sitenote_active":false,"_monsterinsights_sitenote_note":"","_monsterinsights_sitenote_category":0},"class_list":["post-42930","attachment","type-attachment","status-inherit","hentry"],"yoast_head":"<!-- This site is optimized with the Yoast SEO plugin v27.5 - https:\/\/yoast.com\/product\/yoast-seo-wordpress\/ -->\n<title>Njupesk\u00e4r, Fulufj\u00e4llet nationalpark, Dalarna september 2007<\/title>\n<meta name=\"description\" content=\"Njupesk\u00e4r, Fulufj\u00e4llets nationalpark. Foto: Tomas Franklin\" \/>\n<meta name=\"robots\" content=\"index, follow, max-snippet:-1, max-image-preview:large, max-video-preview:-1\" \/>\n<link rel=\"canonical\" href=\"https:\/\/4000mil.se\/wp-content\/uploads\/2021\/03\/28-11-dimma-njupeskar-tomas-franklin-tf-d-681.jpg\" \/>\n<meta property=\"og:locale\" content=\"sv_SE\" \/>\n<meta property=\"og:type\" content=\"article\" \/>\n<meta property=\"og:title\" content=\"Njupesk\u00e4r, Fulufj\u00e4llet nationalpark, Dalarna september 2007\" \/>\n<meta property=\"og:description\" content=\"Njupesk\u00e4r, Fulufj\u00e4llets nationalpark. Foto: Tomas Franklin\" \/>\n<meta property=\"og:url\" content=\"https:\/\/4000mil.se\/wp-content\/uploads\/2021\/03\/28-11-dimma-njupeskar-tomas-franklin-tf-d-681.jpg\" \/>\n<meta property=\"og:site_name\" content=\"4000 mil - en reseblogg\" \/>\n<meta property=\"article:publisher\" content=\"https:\/\/www.facebook.com\/4000mil\/\" \/>\n<meta property=\"article:modified_time\" content=\"2021-03-20T10:12:16+00:00\" \/>\n<meta property=\"og:image\" content=\"https:\/\/4000mil.se\/wp-content\/uploads\/2021\/03\/28-11-dimma-njupeskar-tomas-franklin-tf-d-681.jpg\" \/>\n\t<meta property=\"og:image:width\" content=\"2048\" \/>\n\t<meta property=\"og:image:height\" content=\"1326\" \/>\n\t<meta property=\"og:image:type\" content=\"image\/jpeg\" \/>\n<meta name=\"twitter:card\" content=\"summary_large_image\" \/>\n<meta name=\"twitter:site\" content=\"@4000mil_se\" \/>\n<script type=\"application\/ld+json\" class=\"yoast-schema-graph\">{\"@context\":\"https:\\\/\\\/schema.org\",\"@graph\":[{\"@type\":\"WebPage\",\"@id\":\"https:\\\/\\\/4000mil.se\\\/wp-content\\\/uploads\\\/2021\\\/03\\\/28-11-dimma-njupeskar-tomas-franklin-tf-d-681.jpg\",\"url\":\"https:\\\/\\\/4000mil.se\\\/wp-content\\\/uploads\\\/2021\\\/03\\\/28-11-dimma-njupeskar-tomas-franklin-tf-d-681.jpg\",\"name\":\"Njupesk\u00e4r, Fulufj\u00e4llet nationalpark, Dalarna september 2007\",\"isPartOf\":{\"@id\":\"https:\\\/\\\/4000mil.se\\\/#website\"},\"datePublished\":\"2021-03-20T10:11:34+00:00\",\"dateModified\":\"2021-03-20T10:12:16+00:00\",\"description\":\"Njupesk\u00e4r, Fulufj\u00e4llets nationalpark. Foto: Tomas Franklin\",\"breadcrumb\":{\"@id\":\"https:\\\/\\\/4000mil.se\\\/wp-content\\\/uploads\\\/2021\\\/03\\\/28-11-dimma-njupeskar-tomas-franklin-tf-d-681.jpg#breadcrumb\"},\"inLanguage\":\"sv-SE\",\"potentialAction\":[{\"@type\":\"ReadAction\",\"target\":[\"https:\\\/\\\/4000mil.se\\\/wp-content\\\/uploads\\\/2021\\\/03\\\/28-11-dimma-njupeskar-tomas-franklin-tf-d-681.jpg\"]}]},{\"@type\":\"BreadcrumbList\",\"@id\":\"https:\\\/\\\/4000mil.se\\\/wp-content\\\/uploads\\\/2021\\\/03\\\/28-11-dimma-njupeskar-tomas-franklin-tf-d-681.jpg#breadcrumb\",\"itemListElement\":[{\"@type\":\"ListItem\",\"position\":1,\"name\":\"Home\",\"item\":\"https:\\\/\\\/4000mil.se\\\/\"},{\"@type\":\"ListItem\",\"position\":2,\"name\":\"Hur ser v\u00e5ren (och sommaren) ut f\u00f6r oss? Har vi n\u00e5gra planer?\",\"item\":\"https:\\\/\\\/4000mil.se\\\/index.php\\\/hur-ser-varen-och-sommaren-ut-for-oss-har-vi-nagra-planer\\\/\"},{\"@type\":\"ListItem\",\"position\":3,\"name\":\"Njupesk\u00e4r, Fulufj\u00e4llet nationalpark, Dalarna september 2007\"}]},{\"@type\":\"WebSite\",\"@id\":\"https:\\\/\\\/4000mil.se\\\/#website\",\"url\":\"https:\\\/\\\/4000mil.se\\\/\",\"name\":\"4000 mil - en reseblogg\",\"description\":\"We haven&#039;t been everywhere, but it is on our list.\",\"publisher\":{\"@id\":\"https:\\\/\\\/4000mil.se\\\/#organization\"},\"potentialAction\":[{\"@type\":\"SearchAction\",\"target\":{\"@type\":\"EntryPoint\",\"urlTemplate\":\"https:\\\/\\\/4000mil.se\\\/?s={search_term_string}\"},\"query-input\":{\"@type\":\"PropertyValueSpecification\",\"valueRequired\":true,\"valueName\":\"search_term_string\"}}],\"inLanguage\":\"sv-SE\"},{\"@type\":\"Organization\",\"@id\":\"https:\\\/\\\/4000mil.se\\\/#organization\",\"name\":\"4000mil\",\"url\":\"https:\\\/\\\/4000mil.se\\\/\",\"logo\":{\"@type\":\"ImageObject\",\"inLanguage\":\"sv-SE\",\"@id\":\"https:\\\/\\\/4000mil.se\\\/#\\\/schema\\\/logo\\\/image\\\/\",\"url\":\"https:\\\/\\\/4000mil.se\\\/wp-content\\\/uploads\\\/2017\\\/07\\\/rsz_img_5178-e1511641744338.jpg\",\"contentUrl\":\"https:\\\/\\\/4000mil.se\\\/wp-content\\\/uploads\\\/2017\\\/07\\\/rsz_img_5178-e1511641744338.jpg\",\"width\":1000,\"height\":667,\"caption\":\"4000mil\"},\"image\":{\"@id\":\"https:\\\/\\\/4000mil.se\\\/#\\\/schema\\\/logo\\\/image\\\/\"},\"sameAs\":[\"https:\\\/\\\/www.facebook.com\\\/4000mil\\\/\",\"https:\\\/\\\/x.com\\\/4000mil_se\",\"https:\\\/\\\/www.instagram.com\\\/4000mil.se\\\/\",\"https:\\\/\\\/www.youtube.com\\\/channel\\\/UCJ-arZd2a7dT4Kqq5GtVbXQ\"]}]}<\/script>\n<!-- \/ Yoast SEO plugin. -->","yoast_head_json":{"title":"Njupesk\u00e4r, Fulufj\u00e4llet nationalpark, Dalarna september 2007","description":"Njupesk\u00e4r, Fulufj\u00e4llets nationalpark. Foto: Tomas Franklin","robots":{"index":"index","follow":"follow","max-snippet":"max-snippet:-1","max-image-preview":"max-image-preview:large","max-video-preview":"max-video-preview:-1"},"canonical":"https:\/\/4000mil.se\/wp-content\/uploads\/2021\/03\/28-11-dimma-njupeskar-tomas-franklin-tf-d-681.jpg","og_locale":"sv_SE","og_type":"article","og_title":"Njupesk\u00e4r, Fulufj\u00e4llet nationalpark, Dalarna september 2007","og_description":"Njupesk\u00e4r, Fulufj\u00e4llets nationalpark. Foto: Tomas Franklin","og_url":"https:\/\/4000mil.se\/wp-content\/uploads\/2021\/03\/28-11-dimma-njupeskar-tomas-franklin-tf-d-681.jpg","og_site_name":"4000 mil - en reseblogg","article_publisher":"https:\/\/www.facebook.com\/4000mil\/","article_modified_time":"2021-03-20T10:12:16+00:00","og_image":[{"width":2048,"height":1326,"url":"https:\/\/4000mil.se\/wp-content\/uploads\/2021\/03\/28-11-dimma-njupeskar-tomas-franklin-tf-d-681.jpg","type":"image\/jpeg"}],"twitter_card":"summary_large_image","twitter_site":"@4000mil_se","schema":{"@context":"https:\/\/schema.org","@graph":[{"@type":"WebPage","@id":"https:\/\/4000mil.se\/wp-content\/uploads\/2021\/03\/28-11-dimma-njupeskar-tomas-franklin-tf-d-681.jpg","url":"https:\/\/4000mil.se\/wp-content\/uploads\/2021\/03\/28-11-dimma-njupeskar-tomas-franklin-tf-d-681.jpg","name":"Njupesk\u00e4r, Fulufj\u00e4llet nationalpark, Dalarna september 2007","isPartOf":{"@id":"https:\/\/4000mil.se\/#website"},"datePublished":"2021-03-20T10:11:34+00:00","dateModified":"2021-03-20T10:12:16+00:00","description":"Njupesk\u00e4r, Fulufj\u00e4llets nationalpark. Foto: Tomas Franklin","breadcrumb":{"@id":"https:\/\/4000mil.se\/wp-content\/uploads\/2021\/03\/28-11-dimma-njupeskar-tomas-franklin-tf-d-681.jpg#breadcrumb"},"inLanguage":"sv-SE","potentialAction":[{"@type":"ReadAction","target":["https:\/\/4000mil.se\/wp-content\/uploads\/2021\/03\/28-11-dimma-njupeskar-tomas-franklin-tf-d-681.jpg"]}]},{"@type":"BreadcrumbList","@id":"https:\/\/4000mil.se\/wp-content\/uploads\/2021\/03\/28-11-dimma-njupeskar-tomas-franklin-tf-d-681.jpg#breadcrumb","itemListElement":[{"@type":"ListItem","position":1,"name":"Home","item":"https:\/\/4000mil.se\/"},{"@type":"ListItem","position":2,"name":"Hur ser v\u00e5ren (och sommaren) ut f\u00f6r oss? Har vi n\u00e5gra planer?","item":"https:\/\/4000mil.se\/index.php\/hur-ser-varen-och-sommaren-ut-for-oss-har-vi-nagra-planer\/"},{"@type":"ListItem","position":3,"name":"Njupesk\u00e4r, Fulufj\u00e4llet nationalpark, Dalarna september 2007"}]},{"@type":"WebSite","@id":"https:\/\/4000mil.se\/#website","url":"https:\/\/4000mil.se\/","name":"4000 mil - en reseblogg","description":"We haven&#039;t been everywhere, but it is on our list.","publisher":{"@id":"https:\/\/4000mil.se\/#organization"},"potentialAction":[{"@type":"SearchAction","target":{"@type":"EntryPoint","urlTemplate":"https:\/\/4000mil.se\/?s={search_term_string}"},"query-input":{"@type":"PropertyValueSpecification","valueRequired":true,"valueName":"search_term_string"}}],"inLanguage":"sv-SE"},{"@type":"Organization","@id":"https:\/\/4000mil.se\/#organization","name":"4000mil","url":"https:\/\/4000mil.se\/","logo":{"@type":"ImageObject","inLanguage":"sv-SE","@id":"https:\/\/4000mil.se\/#\/schema\/logo\/image\/","url":"https:\/\/4000mil.se\/wp-content\/uploads\/2017\/07\/rsz_img_5178-e1511641744338.jpg","contentUrl":"https:\/\/4000mil.se\/wp-content\/uploads\/2017\/07\/rsz_img_5178-e1511641744338.jpg","width":1000,"height":667,"caption":"4000mil"},"image":{"@id":"https:\/\/4000mil.se\/#\/schema\/logo\/image\/"},"sameAs":["https:\/\/www.facebook.com\/4000mil\/","https:\/\/x.com\/4000mil_se","https:\/\/www.instagram.com\/4000mil.se\/","https:\/\/www.youtube.com\/channel\/UCJ-arZd2a7dT4Kqq5GtVbXQ"]}]}},"description":{"rendered":"<p class=\"attachment\"><a href='https:\/\/4000mil.se\/wp-content\/uploads\/2021\/03\/28-11-dimma-njupeskar-tomas-franklin-tf-d-681.jpg'><img loading=\"lazy\" decoding=\"async\" width=\"300\" height=\"194\" src=\"https:\/\/4000mil.se\/wp-content\/uploads\/2021\/03\/28-11-dimma-njupeskar-tomas-franklin-tf-d-681-300x194.jpg\" class=\"attachment-medium size-medium\" alt=\"\" srcset=\"https:\/\/4000mil.se\/wp-content\/uploads\/2021\/03\/28-11-dimma-njupeskar-tomas-franklin-tf-d-681-300x194.jpg 300w, https:\/\/4000mil.se\/wp-content\/uploads\/2021\/03\/28-11-dimma-njupeskar-tomas-franklin-tf-d-681-1024x663.jpg 1024w, https:\/\/4000mil.se\/wp-content\/uploads\/2021\/03\/28-11-dimma-njupeskar-tomas-franklin-tf-d-681-768x497.jpg 768w, https:\/\/4000mil.se\/wp-content\/uploads\/2021\/03\/28-11-dimma-njupeskar-tomas-franklin-tf-d-681-1536x995.jpg 1536w, https:\/\/4000mil.se\/wp-content\/uploads\/2021\/03\/28-11-dimma-njupeskar-tomas-franklin-tf-d-681-2000x1295.jpg 2000w, https:\/\/4000mil.se\/wp-content\/uploads\/2021\/03\/28-11-dimma-njupeskar-tomas-franklin-tf-d-681-800x518.jpg 800w, https:\/\/4000mil.se\/wp-content\/uploads\/2021\/03\/28-11-dimma-njupeskar-tomas-franklin-tf-d-681.jpg 2048w\" sizes=\"auto, (max-width: 300px) 100vw, 300px\" \/><\/a><\/p>\n"},"caption":{"rendered":"<p>Njupesk\u00e4r, Fulufj\u00e4llets nationalpark. Foto: Tomas Franklin<\/p>\n"},"alt_text":"","media_type":"image","mime_type":"image\/jpeg","media_details":{"width":2048,"height":1326,"file":"2021\/03\/28-11-dimma-njupeskar-tomas-franklin-tf-d-681.jpg","sizes":{"medium":{"file":"28-11-dimma-njupeskar-tomas-franklin-tf-d-681-300x194.jpg","width":300,"height":194,"mime_type":"image\/jpeg","source_url":"https:\/\/4000mil.se\/wp-content\/uploads\/2021\/03\/28-11-dimma-njupeskar-tomas-franklin-tf-d-681-300x194.jpg"},"large":{"file":"28-11-dimma-njupeskar-tomas-franklin-tf-d-681-1024x663.jpg","width":1024,"height":663,"mime_type":"image\/jpeg","source_url":"https:\/\/4000mil.se\/wp-content\/uploads\/2021\/03\/28-11-dimma-njupeskar-tomas-franklin-tf-d-681-1024x663.jpg"},"thumbnail":{"file":"28-11-dimma-njupeskar-tomas-franklin-tf-d-681-150x150.jpg","width":150,"height":150,"mime_type":"image\/jpeg","source_url":"https:\/\/4000mil.se\/wp-content\/uploads\/2021\/03\/28-11-dimma-njupeskar-tomas-franklin-tf-d-681-150x150.jpg"},"medium_large":{"file":"28-11-dimma-njupeskar-tomas-franklin-tf-d-681-768x497.jpg","width":768,"height":497,"mime_type":"image\/jpeg","source_url":"https:\/\/4000mil.se\/wp-content\/uploads\/2021\/03\/28-11-dimma-njupeskar-tomas-franklin-tf-d-681-768x497.jpg"},"1536x1536":{"file":"28-11-dimma-njupeskar-tomas-franklin-tf-d-681-1536x995.jpg","width":1536,"height":995,"mime_type":"image\/jpeg","source_url":"https:\/\/4000mil.se\/wp-content\/uploads\/2021\/03\/28-11-dimma-njupeskar-tomas-franklin-tf-d-681-1536x995.jpg"},"featured":{"file":"28-11-dimma-njupeskar-tomas-franklin-tf-d-681-2000x1295.jpg","width":2000,"height":1295,"mime_type":"image\/jpeg","source_url":"https:\/\/4000mil.se\/wp-content\/uploads\/2021\/03\/28-11-dimma-njupeskar-tomas-franklin-tf-d-681-2000x1295.jpg"},"featured-small":{"file":"28-11-dimma-njupeskar-tomas-franklin-tf-d-681-800x518.jpg","width":800,"height":518,"mime_type":"image\/jpeg","source_url":"https:\/\/4000mil.se\/wp-content\/uploads\/2021\/03\/28-11-dimma-njupeskar-tomas-franklin-tf-d-681-800x518.jpg"},"cover-single":{"file":"28-11-dimma-njupeskar-tomas-franklin-tf-d-681-1800x800.jpg","width":1800,"height":800,"mime_type":"image\/jpeg","source_url":"https:\/\/4000mil.se\/wp-content\/uploads\/2021\/03\/28-11-dimma-njupeskar-tomas-franklin-tf-d-681-1800x800.jpg"},"featured-cat":{"file":"28-11-dimma-njupeskar-tomas-franklin-tf-d-681-640x400.jpg","width":640,"height":400,"mime_type":"image\/jpeg","source_url":"https:\/\/4000mil.se\/wp-content\/uploads\/2021\/03\/28-11-dimma-njupeskar-tomas-franklin-tf-d-681-640x400.jpg"},"featured-cat-small":{"file":"28-11-dimma-njupeskar-tomas-franklin-tf-d-681-90x70.jpg","width":90,"height":70,"mime_type":"image\/jpeg","source_url":"https:\/\/4000mil.se\/wp-content\/uploads\/2021\/03\/28-11-dimma-njupeskar-tomas-franklin-tf-d-681-90x70.jpg"},"loop":{"file":"28-11-dimma-njupeskar-tomas-franklin-tf-d-681-770x450.jpg","width":770,"height":450,"mime_type":"image\/jpeg","source_url":"https:\/\/4000mil.se\/wp-content\/uploads\/2021\/03\/28-11-dimma-njupeskar-tomas-franklin-tf-d-681-770x450.jpg"},"loop-small":{"file":"28-11-dimma-njupeskar-tomas-franklin-tf-d-681-370x245.jpg","width":370,"height":245,"mime_type":"image\/jpeg","source_url":"https:\/\/4000mil.se\/wp-content\/uploads\/2021\/03\/28-11-dimma-njupeskar-tomas-franklin-tf-d-681-370x245.jpg"},"yarpp-thumbnail":{"file":"28-11-dimma-njupeskar-tomas-franklin-tf-d-681-120x120.jpg","width":120,"height":120,"mime_type":"image\/jpeg","source_url":"https:\/\/4000mil.se\/wp-content\/uploads\/2021\/03\/28-11-dimma-njupeskar-tomas-franklin-tf-d-681-120x120.jpg"},"full":{"file":"28-11-dimma-njupeskar-tomas-franklin-tf-d-681.jpg","width":2048,"height":1326,"mime_type":"image\/jpeg","source_url":"https:\/\/4000mil.se\/wp-content\/uploads\/2021\/03\/28-11-dimma-njupeskar-tomas-franklin-tf-d-681.jpg"}},"image_meta":{"aperture":"22","credit":"Tomas Franklin","camera":"Canon EOS 5D","caption":"Njupesk\u00e4rs vattenfall","created_timestamp":"1190246400","copyright":"Tomas Franklin","focal_length":"28","iso":"100","shutter_speed":"0.1","title":"Njupesk\u00e4r, Fulufj\u00e4llet nationalpark, Dalarna september 2007","orientation":"1","keywords":["vattenfall","h\u00f6st","landskap","nationalpark","njupesk\u00e4r","fulufj\u00e4llet","dimma"]}},"post":42926,"source_url":"https:\/\/4000mil.se\/wp-content\/uploads\/2021\/03\/28-11-dimma-njupeskar-tomas-franklin-tf-d-681.jpg","_links":{"self":[{"href":"https:\/\/4000mil.se\/index.php\/wp-json\/wp\/v2\/media\/42930","targetHints":{"allow":["GET"]}}],"collection":[{"href":"https:\/\/4000mil.se\/index.php\/wp-json\/wp\/v2\/media"}],"about":[{"href":"https:\/\/4000mil.se\/index.php\/wp-json\/wp\/v2\/types\/attachment"}],"author":[{"embeddable":true,"href":"https:\/\/4000mil.se\/index.php\/wp-json\/wp\/v2\/users\/3"}],"replies":[{"embeddable":true,"href":"https:\/\/4000mil.se\/index.php\/wp-json\/wp\/v2\/comments?post=42930"}]}}